{"id":427,"date":"2023-10-24T13:54:00","date_gmt":"2023-10-24T13:54:00","guid":{"rendered":"http:\/\/finex-preis.de\/?page_id=427"},"modified":"2025-09-25T12:50:03","modified_gmt":"2025-09-25T12:50:03","slug":"nominierte","status":"publish","type":"page","link":"https:\/\/finex-preis.de\/?page_id=427","title":{"rendered":"Nominierte"},"content":{"rendered":"\t\t<div data-elementor-type=\"wp-page\" data-elementor-id=\"427\" class=\"elementor elementor-427\">\n\t\t\t\t\t\t<section class=\"elementor-section elementor-top-section elementor-element elementor-element-50b8062 elementor-section-boxed elementor-section-height-default elementor-section-height-default\" data-id=\"50b8062\" data-element_type=\"section\" data-e-type=\"section\">\n\t\t\t\t\t\t<div class=\"elementor-container elementor-column-gap-default\">\n\t\t\t\t\t<div class=\"elementor-column elementor-col-100 elementor-top-column elementor-element elementor-element-3091415\" data-id=\"3091415\" data-element_type=\"column\" data-e-type=\"column\">\n\t\t\t<div class=\"elementor-widget-wrap elementor-element-populated\">\n\t\t\t\t\t\t<div class=\"elementor-element elementor-element-b769c7a elementor-widget elementor-widget-text-editor\" data-id=\"b769c7a\" data-element_type=\"widget\" data-e-type=\"widget\" data-widget_type=\"text-editor.default\">\n\t\t\t\t<div class=\"elementor-widget-container\">\n\t\t\t\t\t\t\t\t\t<p><strong>Die Nominierten f\u00fcr den FinEx 2025<br \/><\/strong><\/p>\n<p>Die Jury nominierte am 24.09.2025 f\u00fcr den FinEx-Preis 2025:<\/p>\n<p>\u2013 <b>Doria Nollez<\/b> f\u00fcr \u201eMagnolie&#8220;<br \/>\u2013 <strong>Ophelia Bauer<\/strong> f\u00fcr \u201eDANACH\u201c<br \/>\u2013 <strong>Jacob Wallner\u00a0<\/strong>f\u00fcr \u201eFluchtverkehr&#8220;<br \/>\u2013 <strong>Leonard Martin\u00a0<\/strong>f\u00fcr \u201eAlte Techniken, neue Formen&#8220;<\/p>\n<p>Wir gratulieren!<\/p>\t\t\t\t\t\t\t\t<\/div>\n\t\t\t\t<\/div>\n\t\t\t\t\t<\/div>\n\t\t<\/div>\n\t\t\t\t\t<\/div>\n\t\t<\/section>\n\t\t\t\t<section class=\"elementor-section elementor-top-section elementor-element elementor-element-8f38840 elementor-section-boxed elementor-section-height-default elementor-section-height-default\" data-id=\"8f38840\" data-element_type=\"section\" data-e-type=\"section\">\n\t\t\t\t\t\t<div class=\"elementor-container elementor-column-gap-default\">\n\t\t\t\t\t<div class=\"elementor-column elementor-col-100 elementor-top-column elementor-element elementor-element-04ef303\" data-id=\"04ef303\" data-element_type=\"column\" data-e-type=\"column\">\n\t\t\t<div class=\"elementor-widget-wrap elementor-element-populated\">\n\t\t\t\t\t\t<div class=\"elementor-element elementor-element-4bde6c0 elementor-widget elementor-widget-image\" data-id=\"4bde6c0\" data-element_type=\"widget\" data-e-type=\"widget\" data-widget_type=\"image.default\">\n\t\t\t\t<div class=\"elementor-widget-container\">\n\t\t\t\t\t\t\t\t\t\t\t\t\t\t\t<img fetchpriority=\"high\" decoding=\"async\" width=\"525\" height=\"394\" src=\"https:\/\/finex-preis.de\/wp-content\/uploads\/2025\/09\/IMG_6325-1-1024x768.jpg\" class=\"attachment-large size-large wp-image-1128\" alt=\"\" srcset=\"https:\/\/finex-preis.de\/wp-content\/uploads\/2025\/09\/IMG_6325-1-1024x768.jpg 1024w, https:\/\/finex-preis.de\/wp-content\/uploads\/2025\/09\/IMG_6325-1-300x225.jpg 300w, https:\/\/finex-preis.de\/wp-content\/uploads\/2025\/09\/IMG_6325-1-768x576.jpg 768w, https:\/\/finex-preis.de\/wp-content\/uploads\/2025\/09\/IMG_6325-1-1536x1152.jpg 1536w, https:\/\/finex-preis.de\/wp-content\/uploads\/2025\/09\/IMG_6325-1-2048x1536.jpg 2048w\" sizes=\"100vw\" \/>\t\t\t\t\t\t\t\t\t\t\t\t\t\t\t<\/div>\n\t\t\t\t<\/div>\n\t\t\t\t\t<\/div>\n\t\t<\/div>\n\t\t\t\t\t<\/div>\n\t\t<\/section>\n\t\t\t\t<section class=\"elementor-section elementor-top-section elementor-element elementor-element-3440704 elementor-section-boxed elementor-section-height-default elementor-section-height-default\" data-id=\"3440704\" data-element_type=\"section\" data-e-type=\"section\">\n\t\t\t\t\t\t<div class=\"elementor-container elementor-column-gap-default\">\n\t\t\t\t\t<div class=\"elementor-column elementor-col-100 elementor-top-column elementor-element elementor-element-e91c346\" data-id=\"e91c346\" data-element_type=\"column\" data-e-type=\"column\">\n\t\t\t<div class=\"elementor-widget-wrap elementor-element-populated\">\n\t\t\t\t\t\t<div class=\"elementor-element elementor-element-4041445 elementor-widget elementor-widget-text-editor\" data-id=\"4041445\" data-element_type=\"widget\" data-e-type=\"widget\" data-widget_type=\"text-editor.default\">\n\t\t\t\t<div class=\"elementor-widget-container\">\n\t\t\t\t\t\t\t\t\t<p><strong>Die Nominierten f\u00fcr den FinEx 2024<br \/><\/strong><\/p>\n<p>Die Jury nominierte am 24.09.2024 f\u00fcr den FinEx-Preis 2024<\/p>\n<p>\u2013 <strong>Jonas Kellhammer<\/strong> f\u00fcr \u201eNIE GENUG Fabian Wegerer \u00fcber den Druck des Erfolgs \u201c<br \/>\u2013 <strong>Max Christian R\u00fcster<\/strong> f\u00fcr \u201eSchattenseite\u201c<br \/>\u2013 <strong>Tom Ranft <\/strong>f\u00fcr \u201eMit halber Kraft&#8220;.<\/p>\t\t\t\t\t\t\t\t<\/div>\n\t\t\t\t<\/div>\n\t\t\t\t\t<\/div>\n\t\t<\/div>\n\t\t\t\t\t<\/div>\n\t\t<\/section>\n\t\t\t\t<section class=\"elementor-section elementor-top-section elementor-element elementor-element-0f9967b elementor-section-boxed elementor-section-height-default elementor-section-height-default\" data-id=\"0f9967b\" data-element_type=\"section\" data-e-type=\"section\">\n\t\t\t\t\t\t<div class=\"elementor-container elementor-column-gap-default\">\n\t\t\t\t\t<div class=\"elementor-column elementor-col-100 elementor-top-column elementor-element elementor-element-271bb87\" data-id=\"271bb87\" data-element_type=\"column\" data-e-type=\"column\">\n\t\t\t<div class=\"elementor-widget-wrap elementor-element-populated\">\n\t\t\t\t\t\t<div class=\"elementor-element elementor-element-8eb3651 elementor-widget elementor-widget-image\" data-id=\"8eb3651\" data-element_type=\"widget\" data-e-type=\"widget\" data-widget_type=\"image.default\">\n\t\t\t\t<div class=\"elementor-widget-container\">\n\t\t\t\t\t\t\t\t\t\t\t\t\t\t\t<img decoding=\"async\" width=\"525\" height=\"319\" src=\"https:\/\/finex-preis.de\/wp-content\/uploads\/2023\/10\/Jurysitzung-1024x622.jpg\" class=\"attachment-large size-large wp-image-852\" alt=\"\" srcset=\"https:\/\/finex-preis.de\/wp-content\/uploads\/2023\/10\/Jurysitzung-1024x622.jpg 1024w, https:\/\/finex-preis.de\/wp-content\/uploads\/2023\/10\/Jurysitzung-300x182.jpg 300w, https:\/\/finex-preis.de\/wp-content\/uploads\/2023\/10\/Jurysitzung-768x466.jpg 768w, https:\/\/finex-preis.de\/wp-content\/uploads\/2023\/10\/Jurysitzung-1536x933.jpg 1536w, https:\/\/finex-preis.de\/wp-content\/uploads\/2023\/10\/Jurysitzung-2048x1244.jpg 2048w\" sizes=\"100vw\" \/>\t\t\t\t\t\t\t\t\t\t\t\t\t\t\t<\/div>\n\t\t\t\t<\/div>\n\t\t\t\t\t<\/div>\n\t\t<\/div>\n\t\t\t\t\t<\/div>\n\t\t<\/section>\n\t\t\t\t<section class=\"elementor-section elementor-top-section elementor-element elementor-element-d5654a5 elementor-section-boxed elementor-section-height-default elementor-section-height-default\" data-id=\"d5654a5\" data-element_type=\"section\" data-e-type=\"section\">\n\t\t\t\t\t\t<div class=\"elementor-container elementor-column-gap-default\">\n\t\t\t\t\t<div class=\"elementor-column elementor-col-100 elementor-top-column elementor-element elementor-element-be62940\" data-id=\"be62940\" data-element_type=\"column\" data-e-type=\"column\">\n\t\t\t<div class=\"elementor-widget-wrap elementor-element-populated\">\n\t\t\t\t\t\t<div class=\"elementor-element elementor-element-fba94af elementor-widget elementor-widget-text-editor\" data-id=\"fba94af\" data-element_type=\"widget\" data-e-type=\"widget\" data-widget_type=\"text-editor.default\">\n\t\t\t\t<div class=\"elementor-widget-container\">\n\t\t\t\t\t\t\t\t\t<p><strong>Die Nominierten f\u00fcr den FinEx 2023<br \/><\/strong><\/p>\n<p>Die Jury nominierte am 19.10.2023 f\u00fcr den FinEx-Preis 2023<\/p>\n<p>\u2013 <strong>Anton Riha<\/strong> f\u00fcr \u201eMit rasseldem Leder zum Tor\u201c<br \/>\u2013 <strong>Daniel Heinert<\/strong> f\u00fcr \u201eHammerwerfen &#8211; Die Kunst der Kraft und Pr\u00e4zision\u201c<br \/>\u2013 <strong>Julian F\u00f6rster <\/strong>f\u00fcr \u201eGravita\u201c.<br \/>Wir gratulieren!<\/p>\n<p>\u00a0<\/p>\t\t\t\t\t\t\t\t<\/div>\n\t\t\t\t<\/div>\n\t\t\t\t\t<\/div>\n\t\t<\/div>\n\t\t\t\t\t<\/div>\n\t\t<\/section>\n\t\t\t\t<section class=\"elementor-section elementor-top-section elementor-element elementor-element-ef945f2 elementor-section-boxed elementor-section-height-default elementor-section-height-default\" data-id=\"ef945f2\" data-element_type=\"section\" data-e-type=\"section\">\n\t\t\t\t\t\t<div class=\"elementor-container elementor-column-gap-default\">\n\t\t\t\t\t<div class=\"elementor-column elementor-col-100 elementor-top-column elementor-element elementor-element-da2785c\" data-id=\"da2785c\" data-element_type=\"column\" data-e-type=\"column\">\n\t\t\t<div class=\"elementor-widget-wrap elementor-element-populated\">\n\t\t\t\t\t\t<div class=\"elementor-element elementor-element-2b40fd4 elementor-widget elementor-widget-image\" data-id=\"2b40fd4\" data-element_type=\"widget\" data-e-type=\"widget\" data-widget_type=\"image.default\">\n\t\t\t\t<div class=\"elementor-widget-container\">\n\t\t\t\t\t\t\t\t\t\t\t\t\t\t\t<img decoding=\"async\" width=\"525\" height=\"286\" src=\"https:\/\/finex-preis.de\/wp-content\/uploads\/2022\/09\/DSC00549-2-768x418.jpg\" class=\"attachment-medium_large size-medium_large wp-image-729\" alt=\"\" srcset=\"https:\/\/finex-preis.de\/wp-content\/uploads\/2022\/09\/DSC00549-2-768x418.jpg 768w, https:\/\/finex-preis.de\/wp-content\/uploads\/2022\/09\/DSC00549-2-300x163.jpg 300w, https:\/\/finex-preis.de\/wp-content\/uploads\/2022\/09\/DSC00549-2-1024x557.jpg 1024w, https:\/\/finex-preis.de\/wp-content\/uploads\/2022\/09\/DSC00549-2-1536x836.jpg 1536w, https:\/\/finex-preis.de\/wp-content\/uploads\/2022\/09\/DSC00549-2-2048x1114.jpg 2048w\" sizes=\"100vw\" \/>\t\t\t\t\t\t\t\t\t\t\t\t\t\t\t<\/div>\n\t\t\t\t<\/div>\n\t\t\t\t\t<\/div>\n\t\t<\/div>\n\t\t\t\t\t<\/div>\n\t\t<\/section>\n\t\t\t\t<section class=\"elementor-section elementor-top-section elementor-element elementor-element-39485ea elementor-section-boxed elementor-section-height-default elementor-section-height-default\" data-id=\"39485ea\" data-element_type=\"section\" data-e-type=\"section\">\n\t\t\t\t\t\t<div class=\"elementor-container elementor-column-gap-default\">\n\t\t\t\t\t<div class=\"elementor-column elementor-col-100 elementor-top-column elementor-element elementor-element-101bcfe\" data-id=\"101bcfe\" data-element_type=\"column\" data-e-type=\"column\">\n\t\t\t<div class=\"elementor-widget-wrap elementor-element-populated\">\n\t\t\t\t\t\t<div class=\"elementor-element elementor-element-e0ebe5c elementor-widget elementor-widget-text-editor\" data-id=\"e0ebe5c\" data-element_type=\"widget\" data-e-type=\"widget\" data-widget_type=\"text-editor.default\">\n\t\t\t\t<div class=\"elementor-widget-container\">\n\t\t\t\t\t\t\t\t\t<p><strong>Die Nominierten f\u00fcr den FinEx 2022<br \/><\/strong><\/p>\n<p>Die Jury nominierte heute (15.09.2022) f\u00fcr den FinEx-Preis 2022:<\/p>\n<p>\u2013 <strong>Leon Babucke<\/strong> f\u00fcr \u201eMessermacher\u201c<br \/>\u2013 <strong>Robert Hirschmann<\/strong> f\u00fcr \u201eCall Me Beethoven\u201c<br \/>\u2013 <strong>Johanna Kunz<\/strong> f\u00fcr \u201ePortrait Sofia Wik\u201c<br \/>\u2013 <strong>Torben Trommer<\/strong> f\u00fcr \u201eJan Meyer &#8211; Ein Geigenbauer\u201c<\/p>\n<p id=\"Finex-Preis\">\u00a0<\/p>\n<p><br \/><br \/><\/p>\n<p>\u00a0<\/p>\t\t\t\t\t\t\t\t<\/div>\n\t\t\t\t<\/div>\n\t\t\t\t\t<\/div>\n\t\t<\/div>\n\t\t\t\t\t<\/div>\n\t\t<\/section>\n\t\t\t\t<section class=\"elementor-section elementor-top-section elementor-element elementor-element-e3bc0a1 elementor-section-boxed elementor-section-height-default elementor-section-height-default\" data-id=\"e3bc0a1\" data-element_type=\"section\" data-e-type=\"section\">\n\t\t\t\t\t\t<div class=\"elementor-container elementor-column-gap-default\">\n\t\t\t\t\t<div class=\"elementor-column elementor-col-100 elementor-top-column elementor-element elementor-element-9e79cd5\" data-id=\"9e79cd5\" data-element_type=\"column\" data-e-type=\"column\">\n\t\t\t<div class=\"elementor-widget-wrap elementor-element-populated\">\n\t\t\t\t\t\t<div class=\"elementor-element elementor-element-e9cd8ae elementor-widget elementor-widget-image\" data-id=\"e9cd8ae\" data-element_type=\"widget\" data-e-type=\"widget\" data-widget_type=\"image.default\">\n\t\t\t\t<div class=\"elementor-widget-container\">\n\t\t\t\t\t\t\t\t\t\t\t\t\t\t\t<img loading=\"lazy\" decoding=\"async\" width=\"525\" height=\"324\" src=\"https:\/\/finex-preis.de\/wp-content\/uploads\/2021\/10\/Jurysitzung-2021-1024x631.jpg\" class=\"attachment-large size-large wp-image-559\" alt=\"\" srcset=\"https:\/\/finex-preis.de\/wp-content\/uploads\/2021\/10\/Jurysitzung-2021-1024x631.jpg 1024w, https:\/\/finex-preis.de\/wp-content\/uploads\/2021\/10\/Jurysitzung-2021-300x185.jpg 300w, https:\/\/finex-preis.de\/wp-content\/uploads\/2021\/10\/Jurysitzung-2021-768x473.jpg 768w, https:\/\/finex-preis.de\/wp-content\/uploads\/2021\/10\/Jurysitzung-2021-1536x946.jpg 1536w, https:\/\/finex-preis.de\/wp-content\/uploads\/2021\/10\/Jurysitzung-2021-2048x1262.jpg 2048w\" sizes=\"100vw\" \/>\t\t\t\t\t\t\t\t\t\t\t\t\t\t\t<\/div>\n\t\t\t\t<\/div>\n\t\t\t\t\t<\/div>\n\t\t<\/div>\n\t\t\t\t\t<\/div>\n\t\t<\/section>\n\t\t\t\t<section class=\"elementor-section elementor-top-section elementor-element elementor-element-ce4e27c elementor-section-boxed elementor-section-height-default elementor-section-height-default\" data-id=\"ce4e27c\" data-element_type=\"section\" data-e-type=\"section\">\n\t\t\t\t\t\t<div class=\"elementor-container elementor-column-gap-default\">\n\t\t\t\t\t<div class=\"elementor-column elementor-col-100 elementor-top-column elementor-element elementor-element-57c0de1\" data-id=\"57c0de1\" data-element_type=\"column\" data-e-type=\"column\">\n\t\t\t<div class=\"elementor-widget-wrap elementor-element-populated\">\n\t\t\t\t\t\t<div class=\"elementor-element elementor-element-b424b7d elementor-widget elementor-widget-text-editor\" data-id=\"b424b7d\" data-element_type=\"widget\" data-e-type=\"widget\" data-widget_type=\"text-editor.default\">\n\t\t\t\t<div class=\"elementor-widget-container\">\n\t\t\t\t\t\t\t\t\t<p><strong>Die Nominierten f\u00fcr den FinEx 2021<br \/><\/strong><\/p>\n<p>Die Jury nominierte heute (07.10.2021) f\u00fcr den FinEx-Preis 2021:<\/p>\n<p id=\"Finex-Preis\">in der Kategorie \u201e<em>Film<\/em>\u201e<br \/>\u2013 <strong>Justin Irsch<\/strong> f\u00fcr \u201eVerbuddelt\u201c<br \/>\u2013 <strong>Lukas Lindner<\/strong> f\u00fcr \u201etreiben lassen\u201c<br \/>\u2013 <strong>Emelie Paylar<\/strong> f\u00fcr \u201eGuter Zug\u201c<\/p>\n<p>und in der Kategorie \u201e<em>H\u00f6rst\u00fcck<\/em>\u201e<br \/>\u2013 <strong>Maria-Elisabeth Graf<\/strong> f\u00fcr \u201eKinder &#8211; nein danke!\u201c <br \/>\u2013 <strong>Kevin K\u00f6rber<\/strong> f\u00fcr \u201eWas darf`s sein?\u201c<br \/>\u00a0\u2013 <strong>Alexander Peisert<\/strong> f\u00fcr \u201eDie Flughafenbar\u201c.<\/p>\n<p>Die Preisverleihung findet am 30.11.2021 im rbb in Berlin statt und wird live bei www.mdr.de \u00fcbertragen.<\/p>\t\t\t\t\t\t\t\t<\/div>\n\t\t\t\t<\/div>\n\t\t\t\t\t<\/div>\n\t\t<\/div>\n\t\t\t\t\t<\/div>\n\t\t<\/section>\n\t\t\t\t<section class=\"elementor-section elementor-top-section elementor-element elementor-element-529a79cc elementor-section-boxed elementor-section-height-default elementor-section-height-default\" data-id=\"529a79cc\" data-element_type=\"section\" data-e-type=\"section\">\n\t\t\t\t\t\t<div class=\"elementor-container elementor-column-gap-default\">\n\t\t\t\t\t<div class=\"elementor-column elementor-col-100 elementor-top-column elementor-element elementor-element-6a18f1f0\" data-id=\"6a18f1f0\" data-element_type=\"column\" data-e-type=\"column\">\n\t\t\t<div class=\"elementor-widget-wrap elementor-element-populated\">\n\t\t\t\t\t\t<div class=\"elementor-element elementor-element-236be8c5 elementor-widget elementor-widget-text-editor\" data-id=\"236be8c5\" data-element_type=\"widget\" data-e-type=\"widget\" data-widget_type=\"text-editor.default\">\n\t\t\t\t<div class=\"elementor-widget-container\">\n\t\t\t\t\t\t\t\t\t\n<div class=\"wp-block-image is-style-default\">\n<figure><strong>Die Nominierten f\u00fcr den FinEx 2020<\/strong><\/figure>\n<figure class=\"aligncenter size-large\"><img loading=\"lazy\" decoding=\"async\" width=\"1024\" height=\"536\" class=\"wp-image-424\" src=\"http:\/\/finex-preis.de\/wp-content\/uploads\/2020\/11\/nominiertefacebook-1024x536.jpg\" alt=\"\" srcset=\"https:\/\/finex-preis.de\/wp-content\/uploads\/2020\/11\/nominiertefacebook-1024x536.jpg 1024w, https:\/\/finex-preis.de\/wp-content\/uploads\/2020\/11\/nominiertefacebook-300x157.jpg 300w, https:\/\/finex-preis.de\/wp-content\/uploads\/2020\/11\/nominiertefacebook-768x402.jpg 768w, https:\/\/finex-preis.de\/wp-content\/uploads\/2020\/11\/nominiertefacebook.jpg 1200w\" sizes=\"(max-width: 706px) 89vw, (max-width: 767px) 82vw, 740px\" \/>\n<figcaption>(v. l. n. r.)<br \/>Paul &#8211; &#8222;Realit\u00e4tscheck im M\u00e4rchenland&#8220; (Kategorie H\u00f6rst\u00fcck)<br \/>Clemens &#8211; &#8222;Solidarit\u00e4t im Saal&#8220; (Kategorie Film)<br \/>Jannis &#8211; &#8222;Sie f\u00e4hrt jetzt Fahrstuhl&#8220; (Kategorie Film)<br \/>Jonas &#8211; &#8222;Wut&#8220; (Kategorie H\u00f6rst\u00fcck)<br \/>Lena &#8211; &#8222;Plan B&#8220; (Kategorie Film)<br \/>Simon &#8211; &#8222;Immer \u00c4rger mit der eigenen Unzul\u00e4nglichkeit&#8220; (Kategorie H\u00f6rst\u00fcck)<\/figcaption>\n<\/figure>\n<\/div>\n\t\t\t\t\t\t\t\t<\/div>\n\t\t\t\t<\/div>\n\t\t\t\t\t<\/div>\n\t\t<\/div>\n\t\t\t\t\t<\/div>\n\t\t<\/section>\n\t\t\t\t<\/div>\n\t\t","protected":false},"excerpt":{"rendered":"<p>Die Nominierten f\u00fcr den FinEx 2025 Die Jury nominierte am 24.09.2025 f\u00fcr den FinEx-Preis 2025: \u2013 Doria Nollez f\u00fcr \u201eMagnolie&#8220;\u2013 Ophelia Bauer f\u00fcr \u201eDANACH\u201c\u2013 Jacob Wallner\u00a0f\u00fcr \u201eFluchtverkehr&#8220;\u2013 Leonard Martin\u00a0f\u00fcr \u201eAlte Techniken, neue Formen&#8220; Wir gratulieren! Die Nominierten f\u00fcr den FinEx 2024 Die Jury nominierte am 24.09.2024 f\u00fcr den FinEx-Preis 2024 \u2013 Jonas Kellhammer f\u00fcr \u201eNIE &hellip; <\/p>\n<p class=\"link-more\"><a href=\"https:\/\/finex-preis.de\/?page_id=427\" class=\"more-link\"><span class=\"screen-reader-text\">\u201eNominierte\u201c <\/span>weiterlesen<\/a><\/p>\n","protected":false},"author":1,"featured_media":0,"parent":0,"menu_order":0,"comment_status":"closed","ping_status":"closed","template":"","meta":{"footnotes":""},"class_list":["post-427","page","type-page","status-publish","hentry"],"_links":{"self":[{"href":"https:\/\/finex-preis.de\/index.php?rest_route=\/wp\/v2\/pages\/427","targetHints":{"allow":["GET"]}}],"collection":[{"href":"https:\/\/finex-preis.de\/index.php?rest_route=\/wp\/v2\/pages"}],"about":[{"href":"https:\/\/finex-preis.de\/index.php?rest_route=\/wp\/v2\/types\/page"}],"author":[{"embeddable":true,"href":"https:\/\/finex-preis.de\/index.php?rest_route=\/wp\/v2\/users\/1"}],"replies":[{"embeddable":true,"href":"https:\/\/finex-preis.de\/index.php?rest_route=%2Fwp%2Fv2%2Fcomments&post=427"}],"version-history":[{"count":65,"href":"https:\/\/finex-preis.de\/index.php?rest_route=\/wp\/v2\/pages\/427\/revisions"}],"predecessor-version":[{"id":1131,"href":"https:\/\/finex-preis.de\/index.php?rest_route=\/wp\/v2\/pages\/427\/revisions\/1131"}],"wp:attachment":[{"href":"https:\/\/finex-preis.de\/index.php?rest_route=%2Fwp%2Fv2%2Fmedia&parent=427"}],"curies":[{"name":"wp","href":"https:\/\/api.w.org\/{rel}","templated":true}]}}